{"id":414,"date":"2022-03-09T13:05:34","date_gmt":"2022-03-09T13:05:34","guid":{"rendered":"http:\/\/vahdunajipel.eu\/?page_id=414\/"},"modified":"2022-03-09T13:43:58","modified_gmt":"2022-03-09T13:43:58","slug":"stops-by-the-danube","status":"publish","type":"page","link":"https:\/\/vahdunajipel.eu\/hu\/projektek\/stops-by-the-danube\/","title":{"rendered":"Stops by the Danube"},"content":{"rendered":"<p>[et_pb_section transparent_background=&#8221;off&#8221; allow_player_pause=&#8221;off&#8221; inner_shadow=&#8221;off&#8221; parallax=&#8221;off&#8221; parallax_method=&#8221;on&#8221; make_fullwidth=&#8221;off&#8221; use_custom_width=&#8221;off&#8221; width_unit=&#8221;off&#8221; custom_width_px=&#8221;1080px&#8221; custom_width_percent=&#8221;80%&#8221; make_equal=&#8221;off&#8221; use_custom_gutter=&#8221;off&#8221; fullwidth=&#8221;off&#8221; specialty=&#8221;off&#8221; admin_label=&#8221;section&#8221; disabled=&#8221;off&#8221;][et_pb_row make_fullwidth=&#8221;off&#8221; use_custom_width=&#8221;off&#8221; width_unit=&#8221;off&#8221; custom_width_px=&#8221;1080px&#8221; custom_width_percent=&#8221;80%&#8221; use_custom_gutter=&#8221;off&#8221; gutter_width=&#8221;3&#8243; allow_player_pause=&#8221;off&#8221; parallax=&#8221;off&#8221; parallax_method=&#8221;on&#8221; make_equal=&#8221;off&#8221; parallax_1=&#8221;off&#8221; parallax_method_1=&#8221;on&#8221; parallax_2=&#8221;off&#8221; parallax_method_2=&#8221;on&#8221; parallax_3=&#8221;off&#8221; parallax_method_3=&#8221;on&#8221; parallax_4=&#8221;off&#8221; parallax_method_4=&#8221;on&#8221; disabled=&#8221;off&#8221;][et_pb_column type=&#8221;4_4&#8243; disabled=&#8221;off&#8221; parallax=&#8221;off&#8221; parallax_method=&#8221;on&#8221;][et_pb_image src=&#8221;http:\/\/vahdunajipel.eu\/wp-content\/uploads\/2022\/03\/Web-banner-VDI-211.png&#8221; show_in_lightbox=&#8221;off&#8221; url_new_window=&#8221;off&#8221; use_overlay=&#8221;off&#8221; sticky=&#8221;off&#8221; align=&#8221;center&#8221; force_fullwidth=&#8221;off&#8221; always_center_on_mobile=&#8221;on&#8221; use_border_color=&#8221;off&#8221; border_color=&#8221;#ffffff&#8221; border_width=&#8221;1px&#8221; border_style=&#8221;solid&#8221; disabled=&#8221;off&#8221;][\/et_pb_image][\/et_pb_column][\/et_pb_row][et_pb_row make_fullwidth=&#8221;off&#8221; use_custom_width=&#8221;off&#8221; width_unit=&#8221;off&#8221; custom_width_px=&#8221;1080px&#8221; custom_width_percent=&#8221;80%&#8221; use_custom_gutter=&#8221;off&#8221; gutter_width=&#8221;3&#8243; allow_player_pause=&#8221;off&#8221; parallax=&#8221;off&#8221; parallax_method=&#8221;on&#8221; make_equal=&#8221;off&#8221; parallax_1=&#8221;off&#8221; parallax_method_1=&#8221;on&#8221; parallax_2=&#8221;off&#8221; parallax_method_2=&#8221;on&#8221; parallax_3=&#8221;off&#8221; parallax_method_3=&#8221;on&#8221; parallax_4=&#8221;off&#8221; parallax_method_4=&#8221;on&#8221; disabled=&#8221;off&#8221;][et_pb_column type=&#8221;4_4&#8243; disabled=&#8221;off&#8221; parallax=&#8221;off&#8221; parallax_method=&#8221;on&#8221;][et_pb_text background_layout=&#8221;light&#8221; text_orientation=&#8221;left&#8221; use_border_color=&#8221;off&#8221; border_style=&#8221;solid&#8221; disabled=&#8221;off&#8221;]<\/p>\n<h2><strong>Hat\u00e1ron \u00e1tny\u00fal\u00f3 k\u00f6rnyezettudatos kezdem\u00e9nyez\u00e9s<\/strong><\/h2>\n<p>Az INTERREG V-A Szlov\u00e1kia Magyarorsz\u00e1g Egy\u00fcttm\u0171k\u00f6d\u00e9si Program Kisprojekt Alapja keret\u00e9n bel\u00fcl, az Eur\u00f3pai Region\u00e1lis Fejleszt\u00e9si Alap t\u00e1rsfinansz\u00edroz\u00e1s\u00e1val val\u00f3sul meg a \u201eStops by the Danube \u2013 Duna-parti meg\u00e1ll\u00f3k\u201d (SKHU\/WETA\/1901\/1.1\/211) elnevez\u00e9s\u0171 projekt r\u00e9szek\u00e9nt L\u00e1batlanon \u00e9s k\u00f6rny\u00e9k\u00e9n, illetve a\u00a0nyitrai ker\u00fcletben a\u00a0kisebb hullad\u00e9klerakatok felsz\u00e1mol\u00e1sa.<\/p>\n<p>A\u00a0kezdem\u00e9nyez\u00e9s c\u00e9lja, hogy n\u00f6velje a lakoss\u00e1g k\u00f6rnyezettudatoss\u00e1g\u00e1t, mik\u00f6zben mintegy 300 km<sup>2<\/sup>-nyi szakaszt tiszt\u00edtanak meg k\u00fcl\u00f6nb\u00f6z\u0151 \u00f6nk\u00e9ntesek seg\u00edts\u00e9g\u00e9vel.<\/p>\n<p>A projekt tov\u00e1bb\u00e1 t\u00e9rs\u00e9g vonzerej\u00e9nek fokoz\u00e1sa r\u00e9v\u00e9n a turizmus, az \u00f6koturizmus \u00e9s a helyi turisztikai infrastrukt\u00fara fejleszt\u00e9s\u00e9re \u00f6sszpontos\u00edt. A projekt r\u00e9v\u00e9n a partnerek szeretn\u00e9nek hozz\u00e1j\u00e1rulni a hat\u00e1rokon \u00e1tny\u00fal\u00f3 t\u00e9rs\u00e9g k\u00f6rnyezeti, t\u00e1rsadalmi \u00e9s gazdas\u00e1gi integr\u00e1ci\u00f3j\u00e1nak fokoz\u00e1s\u00e1hoz \u00e9s a dunai r\u00e9gi\u00f3 k\u00f6rnyezetv\u00e9delmi tev\u00e9kenys\u00e9g\u00e9inek \u00f6sszehangol\u00e1s\u00e1hoz.<\/p>\n<p>[\/et_pb_text][et_pb_text background_layout=&#8221;light&#8221; text_orientation=&#8221;left&#8221;]<\/p>\n<h2><strong>Szem\u00e9tszed\u00e9s felvid\u00e9ken \u00e9s azon is t\u00fal<\/strong><\/h2>\n<p>A V\u00e1g-Duna-Ipoly Region\u00e1lis T\u00e1rsul\u00e1s, valamint L\u00e1batlan V\u00e1ros \u00d6nkorm\u00e1nyzata az INTERREG V-A Szlov\u00e1kia Magyarorsz\u00e1g Egy\u00fcttm\u0171k\u00f6d\u00e9si Program Kisprojekt Alapja keret\u00e9n bel\u00fcl, az Eur\u00f3pai Region\u00e1lis Fejleszt\u00e9si Alap 49\u00a0996,94 eur\u00f3nyi t\u00e1rsfinansz\u00edroz\u00e1s\u00e1val val\u00f3s\u00edtja meg k\u00f6z\u00f6s projektj\u00e9t, a \u201eStops by the Danube \u2013 Duna-parti meg\u00e1ll\u00f3k\u201d (SKHU\/WETA\/1901\/1.1\/211) elnevez\u00e9s\u0171t, melynek c\u00e9lja a lakoss\u00e1g k\u00f6rnyezettudatoss\u00e1g\u00e1nak n\u00f6vel\u00e9se, valamint a k\u00f6rnyezetv\u00e9delemmel kapcsolatos tev\u00e9kenys\u00e9gek kezdem\u00e9nyez\u00e9se.<\/p>\n<p>A r\u00e9gi\u00f3 magas szint\u0171 l\u00e1togatotts\u00e1ga ellen\u00e9re a hullad\u00e9kgy\u0171jt\u00e9s nem megoldott a Duna partj\u00e1n, illetve a hat\u00e1r k\u00f6zel\u00e9ben. A tev\u00e9kenys\u00e9g ez\u00e9rt mag\u00e1ba foglalja a kisebb hullad\u00e9klerakatok felsz\u00e1mol\u00e1s\u00e1t a szennyezett hat\u00e1r menti ter\u00fcleteken 3 km-re a Duna foly\u00f3t\u00f3l, k\u00fcl\u00f6nb\u00f6z\u0151 kor\u00fa \u00f6nk\u00e9ntesek seg\u00edts\u00e9g\u00e9vel (maximum 6 f\u0151b\u0151l \u00e1ll\u00f3 individu\u00e1lis csoportok). A szem\u00e9tszed\u00e9sbe \u00e1prilis 24-\u00e9n az al\u00e1bbi hat\u00e1rmenti k\u00f6zs\u00e9gek csatlakoznak: L\u00e1batlan, Kom\u00e1romf\u00fcss, Kolozsn\u00e9ma, Nagykeszi, Csall\u00f3k\u00f6zaranyos, Kom\u00e1rom, Izsa, Pat, Dunaradv\u00e1ny, Dunamocs, Karva, Muzsla, Ebed, P\u00e1rk\u00e1ny \u00e9s Helemba. A rendezv\u00e9ny r\u00e9szek\u00e9nt a partnerek terveinek megfelel\u0151en 3000 ha ter\u00fclet ker\u00fcl megtiszt\u00edt\u00e1sra.<\/p>\n<p>[\/et_pb_text][et_pb_text background_layout=&#8221;light&#8221; text_orientation=&#8221;left&#8221;]<\/p>\n<h2><strong>Sikeres volt a\u00a0szem\u00e9tszed\u00e9s a\u00a0nyitrai ker\u00fcletben<\/strong><\/h2>\n<p>A V\u00e1g-Duna-Ipoly Region\u00e1lis T\u00e1rsul\u00e1s a magyarorsz\u00e1gi L\u00e1batlan v\u00e1rossal egy\u00fcttm\u0171k\u00f6dve az INTERREG V-A Szlov\u00e1kia Magyarorsz\u00e1g Egy\u00fcttm\u0171k\u00f6d\u00e9si Program Kisprojekt Alapja keret\u00e9n bel\u00fcl, az Eur\u00f3pai Region\u00e1lis Fejleszt\u00e9si Alap 49\u00a0996,94 eur\u00f3nyi t\u00e1rsfinansz\u00edroz\u00e1s\u00e1val val\u00f3s\u00edtotta meg a \u201eStops by the Danube \u2013 Duna-parti meg\u00e1ll\u00f3k\u201d (SKHU\/WETA\/1901\/1.1\/211) elnevez\u00e9s\u0171 projektet.<\/p>\n<p>L\u00e1batlan v\u00e1rosa \u00e9s a VDI r\u00e9gi\u00f3 a szlov\u00e1k-magyar hat\u00e1r k\u00f6zel\u00e9ben fekszik. Az idegenforgalom \u00e9s a term\u00e9szeti \u00e9rt\u00e9kek v\u00e9delme fontos szerepet j\u00e1tszik mindk\u00e9t partner \u00e9let\u00e9ben, akik elk\u00f6telezettek a fenntarthat\u00f3 fejl\u0151d\u00e9s \u00e9s az \u00f6koturizmus ir\u00e1nt \u2013 t\u00e1mogatj\u00e1k a term\u00e9szeti \u00e9rt\u00e9keken nyugv\u00f3 \u00f6ko- \u00e9s sportturizmust.<\/p>\n<p>Ennek szellem\u00e9ben val\u00f3sult meg a V\u00e1g-Duna-Ipoly Region\u00e1lis T\u00e1rsul\u00e1s szervez\u00e9s\u00e9ben \u00e1prilis 24-\u00e9n a \u201eTiszt\u00edtsuk meg a foly\u00f3 ment\u00e9t\u201d c\u00edm\u0171 rendezv\u00e9ny.\u00a0 A c\u00e9l a kisebb hullad\u00e9klerakatok felsz\u00e1mol\u00e1sa volt a hat\u00e1r menti ter\u00fcleteken, 3 km-re a Duna foly\u00f3j\u00e1t\u00f3l, Csics\u00f3t\u00f3l eg\u00e9szen Helemb\u00e1ig. A\u00a0mintegy 300 km<sup>2<\/sup>-nyi szakasz megtiszt\u00edt\u00e1s\u00e1ban k\u00fcl\u00f6nb\u00f6z\u0151 \u00f6nk\u00e9ntesek (pl. iskol\u00e1k, egyes\u00fcletek) vettek r\u00e9szt. Csatlakoztak t\u00f6bbek k\u00f6z\u00f6tt a csall\u00f3k\u00f6zaranyosi vad\u00e1sz- \u00e9s hal\u00e1sz t\u00e1rsas\u00e1g tagjai, a kom\u00e1romi 2. sz\u00e1m\u00fa J\u00f3kai M\u00f3r cserk\u00e9szcsoport tagjai, a dunamocsi Harm\u00f3nia Szabadid\u0151 Klub tagjai, \u00e9s nem utols\u00f3 sorban az izsai D\u00f6me K\u00e1roly Alapiskola \u00e9s \u00d3voda pedag\u00f3gusai \u00e9s di\u00e1kjai is. A nap folyam\u00e1n \u00f6sszesen k\u00f6zel 30 tonna szemetet, k\u00e9s\u0151bb pedig az \u00f6nkorm\u00e1nyzatoknak t\u00f6bb \u00e9p\u00edtkez\u00e9si t\u00f6rmel\u00e9kb\u0151l \u00e1ll\u00f3 lerakatot \u00e9s g\u00e9pj\u00e1rm\u0171abroncsot is siker\u00fclt \u00f6sszegy\u0171jteni\u00fck.<\/p>\n<p>[\/et_pb_text][et_pb_text background_layout=&#8221;light&#8221; text_orientation=&#8221;left&#8221;]<\/p>\n<h2><strong>K\u00f6z\u00f6s h\u00e1t\u00e1ron \u00e1tny\u00fal\u00f3 siker<\/strong><\/h2>\n<p>Az INTERREG V-A Szlov\u00e1kia Magyarorsz\u00e1g Egy\u00fcttm\u0171k\u00f6d\u00e9si Program Kisprojekt Alapja keret\u00e9n bel\u00fcl, az Eur\u00f3pai Region\u00e1lis Fejleszt\u00e9si Alap t\u00e1rsfinansz\u00edroz\u00e1s\u00e1val val\u00f3sult meg a \u201eStops by the Danube \u2013 Duna-parti meg\u00e1ll\u00f3k\u201d (SKHU\/WETA\/1901\/1.1\/211) elnevez\u00e9s\u0171 projekt, mely keret\u00e9ben a szlov\u00e1kiai V\u00e1g-Duna-Ipoly Region\u00e1lis T\u00e1rsul\u00e1s, valamint a magyarorsz\u00e1gi L\u00e1batlan V\u00e1ros \u00d6nkorm\u00e1nyzata fogott \u00f6ssze.<\/p>\n<p>L\u00e1batlan v\u00e1rosa \u00e9s a V\u00e1g-Duna-Ipoly r\u00e9gi\u00f3 a szlov\u00e1k-magyar hat\u00e1r k\u00f6zel\u00e9ben fekszik. Az idegenforgalom \u00e9s a term\u00e9szeti \u00e9rt\u00e9kek v\u00e9delme fontos szerepet j\u00e1tszik mindk\u00e9t partner \u00e9let\u00e9ben, akik elk\u00f6telezettek a fenntarthat\u00f3 fejl\u0151d\u00e9s \u00e9s az \u00f6koturizmus ir\u00e1nt \u2013 t\u00e1mogatj\u00e1k a term\u00e9szeti \u00e9rt\u00e9keken nyugv\u00f3 \u00f6ko- \u00e9s sportturizmust.<\/p>\n<p>Egy\u00fcttm\u0171k\u00f6d\u00e9s\u00fck ide\u00e1lis m\u00f3don egyes\u00edti egy\u00e9ni k\u00e9szs\u00e9geiket \u00e9s k\u00e9pess\u00e9geiket a c\u00e9lter\u00fclet vonzerej\u00e9nek n\u00f6vel\u00e9se \u00e9rdek\u00e9ben, ez\u00e1ltal lehet\u0151v\u00e9 t\u00e9ve mindk\u00e9t f\u00e9l sz\u00e1m\u00e1ra az olyan fejleszt\u00e9sek el\u00e9r\u00e9s\u00e9t, amelyek mind a telep\u00fcl\u00e9sek, a szlov\u00e1k \u00e9s magyar lakosok, mind pedig a sz\u00e9lesebb nyilv\u00e1noss\u00e1g sz\u00e1m\u00e1ra el\u0151ny\u00f6sek.<\/p>\n<p>A projekt keret\u00e9n bel\u00fcl L\u00e1batlan V\u00e1ros \u00d6nkorm\u00e1nyzata mosd\u00f3kkal \u00e9s zuhanyz\u00f3kkal ell\u00e1tott szaniterkont\u00e9nert \u00e1ll\u00edtott fel a l\u00e1batlani v\u00edzit\u00fara t\u00e1borhely\u00e9n.\u00a0 A beruh\u00e1z\u00e1s turisztikai \u00e9s k\u00f6rnyezetv\u00e9delmi c\u00e9lokat egyar\u00e1nt szolg\u00e1l.<\/p>\n<p>A V\u00e1g-Duna-Ipoly Region\u00e1lis T\u00e1rsul\u00e1s szervez\u00e9s\u00e9ben pedig \u00e1prilis 24-\u00e9n a \u201eTiszt\u00edtsuk meg a foly\u00f3 ment\u00e9t\u201d akci\u00f3 ker\u00fclt megrendez\u00e9sre.\u00a0 A c\u00e9l a kisebb hullad\u00e9klerakatok felsz\u00e1mol\u00e1sa volt a hat\u00e1r menti ter\u00fcleteken, 3 km-re a Duna foly\u00f3j\u00e1t\u00f3l, Csics\u00f3t\u00f3l eg\u00e9szen Helemb\u00e1ig. A mintegy 300 km2-nyi szakaszon az \u00f6nk\u00e9nteseknek k\u00f6zel 30 tonna szemetet, k\u00e9s\u0151bb pedig az \u00f6nkorm\u00e1nyzatoknak t\u00f6bb \u00e9p\u00edtkez\u00e9si t\u00f6rmel\u00e9kb\u0151l \u00e1ll\u00f3 lerakatot \u00e9s g\u00e9pj\u00e1rm\u0171abroncsot is siker\u00fclt \u00f6sszegy\u0171jteni\u00fck.<\/p>\n<p>[\/et_pb_text][\/et_pb_column][\/et_pb_row][\/et_pb_section]<\/p>\n","protected":false},"excerpt":{"rendered":"<p>Hat\u00e1ron \u00e1tny\u00fal\u00f3 k\u00f6rnyezettudatos kezdem\u00e9nyez\u00e9s Az INTERREG V-A Szlov\u00e1kia Magyarorsz\u00e1g Egy\u00fcttm\u0171k\u00f6d\u00e9si Program Kisprojekt Alapja keret\u00e9n bel\u00fcl, az Eur\u00f3pai Region\u00e1lis Fejleszt\u00e9si Alap t\u00e1rsfinansz\u00edroz\u00e1s\u00e1val val\u00f3sul meg a \u201eStops by the Danube \u2013 Duna-parti meg\u00e1ll\u00f3k\u201d (SKHU\/WETA\/1901\/1.1\/211) elnevez\u00e9s\u0171 projekt r\u00e9szek\u00e9nt L\u00e1batlanon \u00e9s k\u00f6rny\u00e9k\u00e9n, illetve a\u00a0nyitrai ker\u00fcletben a\u00a0kisebb hullad\u00e9klerakatok felsz\u00e1mol\u00e1sa. A\u00a0kezdem\u00e9nyez\u00e9s c\u00e9lja, hogy n\u00f6velje a lakoss\u00e1g k\u00f6rnyezettudatoss\u00e1g\u00e1t, mik\u00f6zben mintegy 300 km2-nyi [&hellip;]<\/p>\n","protected":false},"author":1,"featured_media":0,"parent":433,"menu_order":0,"comment_status":"closed","ping_status":"closed","template":"","meta":{"_et_pb_use_builder":"on","_et_pb_old_content":"","_et_gb_content_width":"","footnotes":""},"yoast_head":"<!-- This site is optimized with the Yoast SEO plugin v21.9 - https:\/\/yoast.com\/wordpress\/plugins\/seo\/ -->\n<title>Stops by the Danube - V\u00e1h Dunaj Ipel<\/title>\n<meta name=\"robots\" content=\"index, follow, max-snippet:-1, max-image-preview:large, max-video-preview:-1\" \/>\n<link rel=\"canonical\" href=\"https:\/\/vahdunajipel.eu\/hu\/projektek\/stops-by-the-danube\/\" \/>\n<meta property=\"og:locale\" content=\"hu_HU\" \/>\n<meta property=\"og:type\" content=\"article\" \/>\n<meta property=\"og:title\" content=\"Stops by the Danube - V\u00e1h Dunaj Ipel\" \/>\n<meta property=\"og:description\" content=\"Hat\u00e1ron \u00e1tny\u00fal\u00f3 k\u00f6rnyezettudatos kezdem\u00e9nyez\u00e9s Az INTERREG V-A Szlov\u00e1kia Magyarorsz\u00e1g Egy\u00fcttm\u0171k\u00f6d\u00e9si Program Kisprojekt Alapja keret\u00e9n bel\u00fcl, az Eur\u00f3pai Region\u00e1lis Fejleszt\u00e9si Alap t\u00e1rsfinansz\u00edroz\u00e1s\u00e1val val\u00f3sul meg a \u201eStops by the Danube \u2013 Duna-parti meg\u00e1ll\u00f3k\u201d (SKHU\/WETA\/1901\/1.1\/211) elnevez\u00e9s\u0171 projekt r\u00e9szek\u00e9nt L\u00e1batlanon \u00e9s k\u00f6rny\u00e9k\u00e9n, illetve a\u00a0nyitrai ker\u00fcletben a\u00a0kisebb hullad\u00e9klerakatok felsz\u00e1mol\u00e1sa. A\u00a0kezdem\u00e9nyez\u00e9s c\u00e9lja, hogy n\u00f6velje a lakoss\u00e1g k\u00f6rnyezettudatoss\u00e1g\u00e1t, mik\u00f6zben mintegy 300 km2-nyi [&hellip;]\" \/>\n<meta property=\"og:url\" content=\"https:\/\/vahdunajipel.eu\/hu\/projektek\/stops-by-the-danube\/\" \/>\n<meta property=\"og:site_name\" content=\"V\u00e1h Dunaj Ipel\" \/>\n<meta property=\"article:modified_time\" content=\"2022-03-09T13:43:58+00:00\" \/>\n<meta name=\"twitter:card\" content=\"summary_large_image\" \/>\n<meta name=\"twitter:label1\" content=\"Becs\u00fclt olvas\u00e1si id\u0151\" \/>\n\t<meta name=\"twitter:data1\" content=\"7 perc\" \/>\n<script type=\"application\/ld+json\" class=\"yoast-schema-graph\">{\"@context\":\"https:\/\/schema.org\",\"@graph\":[{\"@type\":\"WebPage\",\"@id\":\"https:\/\/vahdunajipel.eu\/hu\/projektek\/stops-by-the-danube\/\",\"url\":\"https:\/\/vahdunajipel.eu\/hu\/projektek\/stops-by-the-danube\/\",\"name\":\"Stops by the Danube - V\u00e1h Dunaj Ipel\",\"isPartOf\":{\"@id\":\"https:\/\/vahdunajipel.eu\/#website\"},\"datePublished\":\"2022-03-09T13:05:34+00:00\",\"dateModified\":\"2022-03-09T13:43:58+00:00\",\"breadcrumb\":{\"@id\":\"https:\/\/vahdunajipel.eu\/hu\/projektek\/stops-by-the-danube\/#breadcrumb\"},\"inLanguage\":\"hu\",\"potentialAction\":[{\"@type\":\"ReadAction\",\"target\":[\"https:\/\/vahdunajipel.eu\/hu\/projektek\/stops-by-the-danube\/\"]}]},{\"@type\":\"BreadcrumbList\",\"@id\":\"https:\/\/vahdunajipel.eu\/hu\/projektek\/stops-by-the-danube\/#breadcrumb\",\"itemListElement\":[{\"@type\":\"ListItem\",\"position\":1,\"name\":\"Home\",\"item\":\"https:\/\/vahdunajipel.eu\/hu\/home\/\"},{\"@type\":\"ListItem\",\"position\":2,\"name\":\"Projektek\",\"item\":\"https:\/\/vahdunajipel.eu\/hu\/projektek\/\"},{\"@type\":\"ListItem\",\"position\":3,\"name\":\"Stops by the Danube\"}]},{\"@type\":\"WebSite\",\"@id\":\"https:\/\/vahdunajipel.eu\/#website\",\"url\":\"https:\/\/vahdunajipel.eu\/\",\"name\":\"V\u00e1h Dunaj Ipel\",\"description\":\"euroregi\u00f3n\",\"potentialAction\":[{\"@type\":\"SearchAction\",\"target\":{\"@type\":\"EntryPoint\",\"urlTemplate\":\"https:\/\/vahdunajipel.eu\/?s={search_term_string}\"},\"query-input\":\"required name=search_term_string\"}],\"inLanguage\":\"hu\"}]}<\/script>\n<!-- \/ Yoast SEO plugin. -->","yoast_head_json":{"title":"Stops by the Danube - V\u00e1h Dunaj Ipel","robots":{"index":"index","follow":"follow","max-snippet":"max-snippet:-1","max-image-preview":"max-image-preview:large","max-video-preview":"max-video-preview:-1"},"canonical":"https:\/\/vahdunajipel.eu\/hu\/projektek\/stops-by-the-danube\/","og_locale":"hu_HU","og_type":"article","og_title":"Stops by the Danube - V\u00e1h Dunaj Ipel","og_description":"Hat\u00e1ron \u00e1tny\u00fal\u00f3 k\u00f6rnyezettudatos kezdem\u00e9nyez\u00e9s Az INTERREG V-A Szlov\u00e1kia Magyarorsz\u00e1g Egy\u00fcttm\u0171k\u00f6d\u00e9si Program Kisprojekt Alapja keret\u00e9n bel\u00fcl, az Eur\u00f3pai Region\u00e1lis Fejleszt\u00e9si Alap t\u00e1rsfinansz\u00edroz\u00e1s\u00e1val val\u00f3sul meg a \u201eStops by the Danube \u2013 Duna-parti meg\u00e1ll\u00f3k\u201d (SKHU\/WETA\/1901\/1.1\/211) elnevez\u00e9s\u0171 projekt r\u00e9szek\u00e9nt L\u00e1batlanon \u00e9s k\u00f6rny\u00e9k\u00e9n, illetve a\u00a0nyitrai ker\u00fcletben a\u00a0kisebb hullad\u00e9klerakatok felsz\u00e1mol\u00e1sa. A\u00a0kezdem\u00e9nyez\u00e9s c\u00e9lja, hogy n\u00f6velje a lakoss\u00e1g k\u00f6rnyezettudatoss\u00e1g\u00e1t, mik\u00f6zben mintegy 300 km2-nyi [&hellip;]","og_url":"https:\/\/vahdunajipel.eu\/hu\/projektek\/stops-by-the-danube\/","og_site_name":"V\u00e1h Dunaj Ipel","article_modified_time":"2022-03-09T13:43:58+00:00","twitter_card":"summary_large_image","twitter_misc":{"Becs\u00fclt olvas\u00e1si id\u0151":"7 perc"},"schema":{"@context":"https:\/\/schema.org","@graph":[{"@type":"WebPage","@id":"https:\/\/vahdunajipel.eu\/hu\/projektek\/stops-by-the-danube\/","url":"https:\/\/vahdunajipel.eu\/hu\/projektek\/stops-by-the-danube\/","name":"Stops by the Danube - V\u00e1h Dunaj Ipel","isPartOf":{"@id":"https:\/\/vahdunajipel.eu\/#website"},"datePublished":"2022-03-09T13:05:34+00:00","dateModified":"2022-03-09T13:43:58+00:00","breadcrumb":{"@id":"https:\/\/vahdunajipel.eu\/hu\/projektek\/stops-by-the-danube\/#breadcrumb"},"inLanguage":"hu","potentialAction":[{"@type":"ReadAction","target":["https:\/\/vahdunajipel.eu\/hu\/projektek\/stops-by-the-danube\/"]}]},{"@type":"BreadcrumbList","@id":"https:\/\/vahdunajipel.eu\/hu\/projektek\/stops-by-the-danube\/#breadcrumb","itemListElement":[{"@type":"ListItem","position":1,"name":"Home","item":"https:\/\/vahdunajipel.eu\/hu\/home\/"},{"@type":"ListItem","position":2,"name":"Projektek","item":"https:\/\/vahdunajipel.eu\/hu\/projektek\/"},{"@type":"ListItem","position":3,"name":"Stops by the Danube"}]},{"@type":"WebSite","@id":"https:\/\/vahdunajipel.eu\/#website","url":"https:\/\/vahdunajipel.eu\/","name":"V\u00e1h Dunaj Ipel","description":"euroregi\u00f3n","potentialAction":[{"@type":"SearchAction","target":{"@type":"EntryPoint","urlTemplate":"https:\/\/vahdunajipel.eu\/?s={search_term_string}"},"query-input":"required name=search_term_string"}],"inLanguage":"hu"}]}},"_links":{"self":[{"href":"https:\/\/vahdunajipel.eu\/hu\/wp-json\/wp\/v2\/pages\/414"}],"collection":[{"href":"https:\/\/vahdunajipel.eu\/hu\/wp-json\/wp\/v2\/pages"}],"about":[{"href":"https:\/\/vahdunajipel.eu\/hu\/wp-json\/wp\/v2\/types\/page"}],"author":[{"embeddable":true,"href":"https:\/\/vahdunajipel.eu\/hu\/wp-json\/wp\/v2\/users\/1"}],"replies":[{"embeddable":true,"href":"https:\/\/vahdunajipel.eu\/hu\/wp-json\/wp\/v2\/comments?post=414"}],"version-history":[{"count":5,"href":"https:\/\/vahdunajipel.eu\/hu\/wp-json\/wp\/v2\/pages\/414\/revisions"}],"predecessor-version":[{"id":443,"href":"https:\/\/vahdunajipel.eu\/hu\/wp-json\/wp\/v2\/pages\/414\/revisions\/443"}],"up":[{"embeddable":true,"href":"https:\/\/vahdunajipel.eu\/hu\/wp-json\/wp\/v2\/pages\/433"}],"wp:attachment":[{"href":"https:\/\/vahdunajipel.eu\/hu\/wp-json\/wp\/v2\/media?parent=414"}],"curies":[{"name":"wp","href":"https:\/\/api.w.org\/{rel}","templated":true}]}}