{"version":"1.0","provider_name":"V\u00e1h Dunaj Ipel","provider_url":"https:\/\/vahdunajipel.eu\/hu\/","author_name":"doministvan","author_url":"https:\/\/vahdunajipel.eu\/hu\/author\/doministvan\/","title":"Ker\u00e9kp\u00e1roz\u00e1s \u00e9s lovagl\u00e1s a szlov\u00e1k-magyar hat\u00e1rt\u00e9rs\u00e9gben - V\u00e1h Dunaj Ipel","type":"rich","width":600,"height":338,"html":"<blockquote class=\"wp-embedded-content\" data-secret=\"NyCRCAmGrm\"><a href=\"https:\/\/vahdunajipel.eu\/hu\/kerekparozas-es-lovaglas-szlovak-magyar-hatartersegben\/\">Ker\u00e9kp\u00e1roz\u00e1s \u00e9s lovagl\u00e1s a szlov\u00e1k-magyar hat\u00e1rt\u00e9rs\u00e9gben<\/a><\/blockquote><iframe sandbox=\"allow-scripts\" security=\"restricted\" src=\"https:\/\/vahdunajipel.eu\/hu\/kerekparozas-es-lovaglas-szlovak-magyar-hatartersegben\/embed\/#?secret=NyCRCAmGrm\" width=\"600\" height=\"338\" title=\"&#8220;Ker\u00e9kp\u00e1roz\u00e1s \u00e9s lovagl\u00e1s a szlov\u00e1k-magyar hat\u00e1rt\u00e9rs\u00e9gben&#8221; &#8212; V\u00e1h Dunaj Ipel\" data-secret=\"NyCRCAmGrm\" frameborder=\"0\" marginwidth=\"0\" marginheight=\"0\" scrolling=\"no\" class=\"wp-embedded-content\"><\/iframe><script type=\"text\/javascript\">\n\/* <![CDATA[ *\/\n\/*! This file is auto-generated *\/\n!function(d,l){\"use strict\";l.querySelector&&d.addEventListener&&\"undefined\"!=typeof URL&&(d.wp=d.wp||{},d.wp.receiveEmbedMessage||(d.wp.receiveEmbedMessage=function(e){var t=e.data;if((t||t.secret||t.message||t.value)&&!\/[^a-zA-Z0-9]\/.test(t.secret)){for(var s,r,n,a=l.querySelectorAll('iframe[data-secret=\"'+t.secret+'\"]'),o=l.querySelectorAll('blockquote[data-secret=\"'+t.secret+'\"]'),c=new RegExp(\"^https?:$\",\"i\"),i=0;i<o.length;i++)o[i].style.display=\"none\";for(i=0;i<a.length;i++)s=a[i],e.source===s.contentWindow&&(s.removeAttribute(\"style\"),\"height\"===t.message?(1e3<(r=parseInt(t.value,10))?r=1e3:~~r<200&&(r=200),s.height=r):\"link\"===t.message&&(r=new URL(s.getAttribute(\"src\")),n=new URL(t.value),c.test(n.protocol))&&n.host===r.host&&l.activeElement===s&&(d.top.location.href=t.value))}},d.addEventListener(\"message\",d.wp.receiveEmbedMessage,!1),l.addEventListener(\"DOMContentLoaded\",function(){for(var e,t,s=l.querySelectorAll(\"iframe.wp-embedded-content\"),r=0;r<s.length;r++)(t=(e=s[r]).getAttribute(\"data-secret\"))||(t=Math.random().toString(36).substring(2,12),e.src+=\"#?secret=\"+t,e.setAttribute(\"data-secret\",t)),e.contentWindow.postMessage({message:\"ready\",secret:t},\"*\")},!1)))}(window,document);\n\/* ]]> *\/\n<\/script>\n","thumbnail_url":"https:\/\/vahdunajipel.eu\/wp-content\/uploads\/2022\/03\/Picture1.jpg","thumbnail_width":1258,"thumbnail_height":433,"description":"\u00dajabb siker: p\u00e1ly\u00e1zati forr\u00e1sb\u00f3l \u00e9p\u00fcl a lovas- \u00e9s a ker\u00e9kp\u00e1r\u00fat a hat\u00e1r menti t\u00e9rs\u00e9gben. A p\u00e1ly\u00e1zat a V\u00e1g-Duna-Ipoly Region\u00e1lis T\u00e1rsul\u00e1s \u00e9s a Magyar V\u00e1r Alap\u00edtv\u00e1ny egy\u00fcttm\u0171k\u00f6d\u00e9s\u00e9nek eredm\u00e9nye. A V\u00e1g-Duna-Ipoly Region\u00e1lis T\u00e1rsul\u00e1s a pom\u00e1zi sz\u00e9khely\u0171 Magyar V\u00e1r Alap\u00edtv\u00e1nnyal k\u00f6z\u00f6sen \u2013\u00a0 az INTERREG V-A Szlov\u00e1kia Magyarorsz\u00e1g Egy\u00fcttm\u0171k\u00f6d\u00e9si Program (tov\u00e1bbi inform\u00e1ci\u00f3 a programr\u00f3l: www.skhu.eu), keret\u00e9n bel\u00fcl, az Eur\u00f3pai [&hellip;]"}